{"id":5248,"date":"2015-10-13T13:40:55","date_gmt":"2015-10-13T11:40:55","guid":{"rendered":"http:\/\/afisec.fhios.es\/es\/?page_id=5248"},"modified":"2024-12-02T08:51:42","modified_gmt":"2024-12-02T07:51:42","slug":"asesoria-y-gestion-mercantil","status":"publish","type":"page","link":"https:\/\/www.afisec.com\/es\/asesoria-y-gestion-mercantil\/","title":{"rendered":"Asesor\u00eda y gesti\u00f3n mercantil"},"content":{"rendered":"<div class=\"wpb-content-wrapper\"><p>[vc_row css=\u00bb.vc_custom_1444645331064{margin-top: 0px !important;}\u00bb][vc_column][rev_slider_vc alias=\u00bbesasesoriamercantil\u00bb][\/vc_column][\/vc_row][vc_row][vc_column width=\u00bb7\/12&#8243;][vc_empty_space height=\u00bb10px\u00bb] \n\t\t\t\t<div class=\"row moduletitle\" style=\"clear:both;\">\n\t\t        \t<div class=\"titletext\"><h2 class=\"\">Asesor\u00eda y gesti\u00f3n mercantil<\/h2><\/div><\/div>[vc_column_text]<\/p>\n<p style=\"text-align: justify;\">El derecho mercantil nos permite adaptar la estructura jur\u00eddica de la empresa a los cambios y necesidades que se vayan produciendo desde su constituci\u00f3n, tanto en \u00e9pocas de crecimiento, como en \u00e9pocas de recesi\u00f3n. Asimismo, nos dota de <strong>herramientas para gestionar los cambios estructurales y regula el marco normativo de funcionamiento diario\u00a0de las sociedades<\/strong>. El car\u00e1cter obligatorio de su cumplimiento repercutir\u00e1 en la posible derivaci\u00f3n de responsabilidades a los administradores.<\/p>\n<p>[\/vc_column_text][vc_single_image image=\u00bb9727&#8243; img_size=\u00bbfull\u00bb css=\u00bb\u00bb][\/vc_column][vc_column width=\u00bb1\/12&#8243;][vc_empty_space height=\u00bb10px\u00bb][\/vc_column][vc_column width=\u00bb4\/12&#8243;][vc_empty_space height=\u00bb20px\u00bb][vc_column_text css=\u00bb\u00bb]<\/p>\n<h6 style=\"text-align: left;\"><span style=\"color: #5e7598;\"><strong><span style=\"font-size: 130%;\">Nuestros servicios<\/span><\/strong><\/span><\/h6>\n<p>[\/vc_column_text][vc_separator][vc_column_text css=\u00bb\u00bb]<i class=\"icon-stop \" style=\"font-size:10px\" ><\/i> Asociaciones y fundaciones<br \/>\n<i class=\"icon-stop \" style=\"font-size:10px\" ><\/i> Concurso de acreedores<br \/>\n<i class=\"icon-stop \" style=\"font-size:10px\" ><\/i> Asistencia a consejos de administraci\u00f3n<br \/>\n<i class=\"icon-stop \" style=\"font-size:10px\" ><\/i> Derecho de sociedades, constituci\u00f3n de sociedades mercantiles y adaptaci\u00f3n de estatutos sociales<br \/>\n<i class=\"icon-stop \" style=\"font-size:10px\" ><\/i> Pactos de accionistas o part\u00edcipes<br \/>\n<i class=\"icon-stop \" style=\"font-size:10px\" ><\/i> Redacci\u00f3n de contratos mercantiles<br \/>\n<i class=\"icon-stop \" style=\"font-size:10px\" ><\/i> Redacci\u00f3n de protocolos para las empresas familiares<br \/>\n<i class=\"icon-stop \" style=\"font-size:10px\" ><\/i> Reestructuraci\u00f3n de empresa (fusiones y adquisiciones)[\/vc_column_text][\/vc_column][\/vc_row][vc_row][vc_column]<\/section><\/section><\/section><\/section>\n\t\t\t\t   <section class=\"stretchme_on_mobile \" style=\"position:relative;padding-top:80px;\">\n \t\t\t\t   <div data-mp4=\"\" data-ogv=\"\" data-webm=\"\" data-poster=\"\" class=\"parallaxbg bgwithparallax videobgparallax\" data-speed=\"20\"  style=\" background:url(https:\/\/www.afisec.com\/wp-content\/uploads\/ordenador-1.jpg) 50% 50% repeat;background-attachment:fixed; ;background-size:cover;\"><\/div>\n \t\t\t\t   <div class=\"bgwithparallax_overlay\" style=\"background-color:rgba(,,,);\"><\/div> \t\t\t\t   \n\t\t\t\t   <section class=\"container notopmargin dark-on-light\" style=\"position:relative;z-index:3;\">\n\t\t\t\t   <section class=\"row\"><section class=\"span12\">[vc_column_text css_animation=\u00bbbottom-to-top\u00bb css=\u00bb\u00bb]<\/p>\n<h2 style=\"text-align: center;\"><span style=\"color: #ffffff;\">Contacta con nosotros<\/span><\/h2>\n<h4 style=\"text-align: center;\"><span style=\"color: #c5e2ff !important;\">Un asesor te ampliar\u00e1 la informaci\u00f3n de nuestros servicios y te har\u00e1 un presupuesto.<\/span><\/h4>\n<p>[\/vc_column_text][vc_btn title=\u00bbSOLICITUD DE INFORMACI\u00d3N\u00bb style=\u00bboutline\u00bb shape=\u00bbsquare\u00bb color=\u00bbwhite\u00bb size=\u00bblg\u00bb align=\u00bbcenter\u00bb css_animation=\u00bbbottom-to-top\u00bb link=\u00bburl:http%3A%2F%2Fwww.afisec.com%2Fes%2Fcontacto%2F||\u00bb][\/vc_column][\/vc_row]<\/p>\n<\/div>","protected":false},"excerpt":{"rendered":"<p>[vc_row css=\u00bb.vc_custom_1444645331064{margin-top: 0px !important;}\u00bb][vc_column][rev_slider_vc alias=\u00bbesasesoriamercantil\u00bb][\/vc_column][\/vc_row][vc_row][vc_column width=\u00bb7\/12&#8243;][vc_empty_space height=\u00bb10px\u00bb][vc_column_text] El derecho mercantil nos permite adaptar la estructura jur\u00eddica de la empresa a los cambios y necesidades que se vayan produciendo desde su constituci\u00f3n, tanto en \u00e9pocas de crecimiento, como en \u00e9pocas de recesi\u00f3n. Asimismo, nos dota de herramientas para gestionar los cambios estructurales y regula el marco &#8230;<\/p>\n","protected":false},"author":4,"featured_media":0,"parent":0,"menu_order":0,"comment_status":"closed","ping_status":"closed","template":"","meta":{"_monsterinsights_skip_tracking":false,"_monsterinsights_sitenote_active":false,"_monsterinsights_sitenote_note":"","_monsterinsights_sitenote_category":0,"footnotes":""},"class_list":["post-5248","page","type-page","status-publish","hentry"],"_links":{"self":[{"href":"https:\/\/www.afisec.com\/es\/wp-json\/wp\/v2\/pages\/5248","targetHints":{"allow":["GET"]}}],"collection":[{"href":"https:\/\/www.afisec.com\/es\/wp-json\/wp\/v2\/pages"}],"about":[{"href":"https:\/\/www.afisec.com\/es\/wp-json\/wp\/v2\/types\/page"}],"author":[{"embeddable":true,"href":"https:\/\/www.afisec.com\/es\/wp-json\/wp\/v2\/users\/4"}],"replies":[{"embeddable":true,"href":"https:\/\/www.afisec.com\/es\/wp-json\/wp\/v2\/comments?post=5248"}],"version-history":[{"count":11,"href":"https:\/\/www.afisec.com\/es\/wp-json\/wp\/v2\/pages\/5248\/revisions"}],"predecessor-version":[{"id":10003,"href":"https:\/\/www.afisec.com\/es\/wp-json\/wp\/v2\/pages\/5248\/revisions\/10003"}],"wp:attachment":[{"href":"https:\/\/www.afisec.com\/es\/wp-json\/wp\/v2\/media?parent=5248"}],"curies":[{"name":"wp","href":"https:\/\/api.w.org\/{rel}","templated":true}]}}