{"id":5255,"date":"2015-10-13T13:41:53","date_gmt":"2015-10-13T11:41:53","guid":{"rendered":"http:\/\/afisec.fhios.es\/es\/?page_id=5255"},"modified":"2024-11-21T10:36:50","modified_gmt":"2024-11-21T09:36:50","slug":"empresa","status":"publish","type":"page","link":"https:\/\/www.afisec.com\/es\/empresa\/","title":{"rendered":"Empresa"},"content":{"rendered":"<div class=\"wpb-content-wrapper\"><p>[vc_row css=\u00bb.vc_custom_1444645331064{margin-top: 0px !important;}\u00bb][vc_column][rev_slider_vc alias=\u00bbesempresa\u00bb][\/vc_column][\/vc_row][vc_row][vc_column][vc_empty_space height=\u00bb10px\u00bb] \n\t\t\t\t<div class=\"row moduletitle\" style=\"clear:both;\">\n\t\t        \t<div class=\"titletext\"><h2 class=\"\">Bienvenidos a AFISEC Serveis Empresarials<\/h2><\/div><\/div>[\/vc_column][\/vc_row][vc_row][vc_column width=\u00bb7\/12&#8243;][vc_empty_space height=\u00bb10px\u00bb][vc_column_text css=\u00bb.vc_custom_1444831879846{padding-right: 5% !important;}\u00bb]<\/p>\n<p style=\"text-align: justify;\"><strong>Os agradecemos el\u00a0inter\u00e9s por querer conocernos.<\/strong><\/p>\n<p style=\"text-align: justify;\">Somos una asesor\u00eda y consultora <strong>especializada en peque\u00f1as y medianas empresas y aut\u00f3nomos<\/strong> de todos los sectores empresariales, pero con una especial incidencia en el sector industrial. Ofrecemos soluciones en todas las <strong>\u00e1reas vinculadas a los \u00e1mbitos fiscal, mercantil, laboral, jur\u00eddico, financiero y contable.<\/strong><\/p>\n<p style=\"text-align: justify;\">Nuestro objetivo es ser aut\u00e9nticos colaboradores de nuestros clientes. Nuestra trayectoria y experiencia, de m\u00e1s de 25 a\u00f1os, nos ha llevado a <strong>especializarnos en empresas familiares y en consultor\u00eda estrat\u00e9gica para pymes y empresas en crisis<\/strong>.<\/p>\n<p>[\/vc_column_text][\/vc_column][vc_column width=\u00bb1\/12&#8243;][vc_empty_space height=\u00bb10px\u00bb][\/vc_column][vc_column width=\u00bb4\/12&#8243;][vc_column_text css=\u00bb\u00bb]<\/p>\n<h3><span style=\"color: #52769b;\">EQUIPO<\/span><\/h3>\n<p><strong>AFISEC\u00a0<strong>Serveis\u00a0Empresarials<\/strong><\/strong>\u00a0est\u00e1 integrado por un equipo que combina <strong>profesionalidad, experiencia, rigor, eficiencia e ilusi\u00f3n.<\/strong><\/p>\n<p><strong>Somos economistas, diplomados en empresa y en administraci\u00f3n y direcci\u00f3n empresarial, abogados y graduados sociales.<\/strong><\/p>\n<p><strong>Nos motiva el trabajo bien hecho y el trato cercano con el cliente.<\/strong><\/p>\n<p>[\/vc_column_text][\/vc_column][\/vc_row][vc_row][vc_column]<\/section><\/section><\/section><\/section>\n\t\t\t\t   <section class=\"stretchme_on_mobile \" style=\"position:relative;padding-top:80px;\">\n \t\t\t\t   <div data-mp4=\"\" data-ogv=\"\" data-webm=\"\" data-poster=\"\" class=\"parallaxbg bgwithparallax videobgparallax\" data-speed=\"20\"  style=\" background:url(https:\/\/www.afisec.com\/wp-content\/uploads\/ordenador-1.jpg) 50% 50% repeat;background-attachment:fixed; ;background-size:cover;\"><\/div>\n \t\t\t\t   <div class=\"bgwithparallax_overlay\" style=\"background-color:rgba(,,,);\"><\/div> \t\t\t\t   \n\t\t\t\t   <section class=\"container notopmargin dark-on-light\" style=\"position:relative;z-index:3;\">\n\t\t\t\t   <section class=\"row\"><section class=\"span12\">[vc_column_text css_animation=\u00bbbottom-to-top\u00bb css=\u00bb\u00bb]<\/p>\n<h2 style=\"text-align: center;\"><span style=\"color: #ffffff;\">\u00bfTienes dudas y quieres que te informemos?<\/span> <span style=\"color: #c5e2ff !important;\">Te llamamos nosotros<\/span><\/h2>\n<p>[\/vc_column_text][\/vc_column][\/vc_row]<\/p>\n<\/div>","protected":false},"excerpt":{"rendered":"<p>[vc_row css=\u00bb.vc_custom_1444645331064{margin-top: 0px !important;}\u00bb][vc_column][rev_slider_vc alias=\u00bbesempresa\u00bb][\/vc_column][\/vc_row][vc_row][vc_column][vc_empty_space height=\u00bb10px\u00bb][\/vc_column][\/vc_row][vc_row][vc_column width=\u00bb7\/12&#8243;][vc_empty_space height=\u00bb10px\u00bb][vc_column_text css=\u00bb.vc_custom_1444831879846{padding-right: 5% !important;}\u00bb] Os agradecemos el\u00a0inter\u00e9s por querer conocernos. Somos una asesor\u00eda y consultora especializada en peque\u00f1as y medianas empresas y aut\u00f3nomos de todos los sectores empresariales, pero con una especial incidencia en el sector industrial. Ofrecemos soluciones en todas las \u00e1reas vinculadas a los \u00e1mbitos fiscal, &#8230;<\/p>\n","protected":false},"author":4,"featured_media":0,"parent":0,"menu_order":0,"comment_status":"closed","ping_status":"closed","template":"","meta":{"_monsterinsights_skip_tracking":false,"_monsterinsights_sitenote_active":false,"_monsterinsights_sitenote_note":"","_monsterinsights_sitenote_category":0,"footnotes":""},"class_list":["post-5255","page","type-page","status-publish","hentry"],"_links":{"self":[{"href":"https:\/\/www.afisec.com\/es\/wp-json\/wp\/v2\/pages\/5255","targetHints":{"allow":["GET"]}}],"collection":[{"href":"https:\/\/www.afisec.com\/es\/wp-json\/wp\/v2\/pages"}],"about":[{"href":"https:\/\/www.afisec.com\/es\/wp-json\/wp\/v2\/types\/page"}],"author":[{"embeddable":true,"href":"https:\/\/www.afisec.com\/es\/wp-json\/wp\/v2\/users\/4"}],"replies":[{"embeddable":true,"href":"https:\/\/www.afisec.com\/es\/wp-json\/wp\/v2\/comments?post=5255"}],"version-history":[{"count":11,"href":"https:\/\/www.afisec.com\/es\/wp-json\/wp\/v2\/pages\/5255\/revisions"}],"predecessor-version":[{"id":9934,"href":"https:\/\/www.afisec.com\/es\/wp-json\/wp\/v2\/pages\/5255\/revisions\/9934"}],"wp:attachment":[{"href":"https:\/\/www.afisec.com\/es\/wp-json\/wp\/v2\/media?parent=5255"}],"curies":[{"name":"wp","href":"https:\/\/api.w.org\/{rel}","templated":true}]}}